{"id":13055,"date":"2021-02-23T23:16:21","date_gmt":"2021-02-24T02:16:21","guid":{"rendered":"https:\/\/www.satedsp.org.br\/?page_id=13055"},"modified":"2021-02-23T23:16:21","modified_gmt":"2021-02-24T02:16:21","slug":"artista-mirim","status":"publish","type":"page","link":"https:\/\/satedsp.org.br\/index.php\/drt\/artista-mirim\/","title":{"rendered":"Artista Mirim"},"content":{"rendered":"<div style=\"width: 1290px;\" class=\"wp-video\"><video class=\"wp-video-shortcode\" id=\"video-13055-1\" width=\"1290\" height=\"621\" loop autoplay preload=\"metadata\" controls=\"controls\"><source type=\"video\/mp4\" src=\"https:\/\/satedsp.org.br\/novo\/wp-content\/uploads\/2021\/02\/Artista-Mirim-SATED-SP.mp4?_=1\" \/><a href=\"https:\/\/satedsp.org.br\/novo\/wp-content\/uploads\/2021\/02\/Artista-Mirim-SATED-SP.mp4\">https:\/\/satedsp.org.br\/novo\/wp-content\/uploads\/2021\/02\/Artista-Mirim-SATED-SP.mp4<\/a><\/video><\/div>\n<h2><img fetchpriority=\"high\" decoding=\"async\" class=\"n3VNCb alignright\" src=\"https:\/\/st4.depositphotos.com\/21486874\/31216\/i\/600\/depositphotos_312163452-stock-photo-number-birthday-ballloon-emoji-faces.jpg\" alt=\"Imagens de N\u00famero 16, fotografias de stock N\u00famero 16 | Depositphotos\" width=\"418\" height=\"251\" data-noaft=\"1\" \/><\/h2>\n<h2><em><strong>DRT somente a partir dos 16 anos<\/strong><\/em><\/h2>\n<p>A profiss\u00e3o de artistas \u00e9 regulamentada pela Lei 6.533\/78, a qual exige a obrigatoriedade de um registro profissional (DRT).<br \/>\nHoje, o \u00f3rg\u00e3o respons\u00e1vel pela emiss\u00e3o do documento \u00e9 o Minist\u00e9rio da Economia, atrav\u00e9s das Superintend\u00eancias Regionais do Trabalho.<br \/>\nS\u00f3 \u00e9 poss\u00edvel obter o registro profissional a partir dos 16 anos, pois \u00e9 necess\u00e1rio possuir Carteira de Trabalho e, em regra, \u00e9 vedado o trabalho infantil no Brasil. No mais, \u00e9 obrigat\u00f3rio um contrato de trabalho escrito, conforme determina\u00e7\u00e3o da Lei supra.<\/p>\n<p>&nbsp;<\/p>\n<h2><em><strong>Autoriza\u00e7\u00e3o judicial da Vara da Inf\u00e2ncia e Juventude para trabalho na inf\u00e2ncia\/adolesc\u00eancia<\/strong><\/em><\/h2>\n<p><img decoding=\"async\" class=\"n3VNCb alignleft\" src=\"https:\/\/institutopensi.org.br\/wp-content\/uploads\/2020\/01\/shutterstock_735971851-890x420.jpg\" alt=\"Direitos da crian\u00e7a e do adolescente: breve hist\u00f3rico das legisla\u00e7\u00f5es - Blog Sa\u00fade Infantil\" width=\"437\" height=\"206\" data-noaft=\"1\" \/><\/p>\n<p>Para uma crian\u00e7a\/adolescente poder trabalhar legalmente como artista\/modelo\/manequim, seja para desfiles , publicidade\/propaganda, cinema, tv, teatro \u00e9 obrigat\u00f3rio um Alvar\u00e1 Judicial autorizando, conforme determina\u00e7\u00e3o do Estatuto da Crian\u00e7a e do Adolescente, bem como norma da Organiza\u00e7\u00e3o Internacional do Trabalho &#8211; OIT. Essa autoriza\u00e7\u00e3o judicial deve ser emitida pelo Juiz da Vara da Inf\u00e2ncia e Juventude do local onde o trabalho ser\u00e1 realizado. A autoriza\u00e7\u00e3o \u00e9 espec\u00edfica e vale apenas para o evento\/trabalho autorizado.<\/p>\n<p>&nbsp;<\/p>\n<h2><em><strong>Por que fazer a Carteirinha de S\u00f3cio\/s\u00f3cia Mirim?<br \/>\n<\/strong><\/em><\/h2>\n<p>Como n\u00e3o \u00e9 poss\u00edvel obter o DRT, essas crian\u00e7as\/adolescentes podem se tornar s\u00f3cios do SATED-SP, obtendo a carteira de &#8220;Artista-Mirim&#8221;. N\u00e3o \u00e9 obrigat\u00f3rio mas \u00e9 importante para acolhimento da crian\u00e7a e orientar os pais ou respons\u00e1veis, e este e documento importante para juntar no pedido judicial de autoriza\u00e7\u00e3o.<\/p>\n<p><strong>S\u00d3CIO MIRIM <\/strong><\/p>\n<p>***Digitalize os seguintes documentos:<\/p>\n<p>&#8211; Documento de identidade da crian\u00e7a<br \/>\n&#8211; RG e CPF dos pais\/ Comprovante de resid\u00eancia<br \/>\n&#8211; Contratos dos trabalhos realizados<br \/>\n&#8211; 1 Foto 3X 4<br \/>\n&#8211; Pagamento da anuidade (R$180,00) <strong>\u00a0\u00a0\u00a0\u00a0\u00a0\u00a0\u00a0\u00a0\u00a0\u00a0\u00a0\u00a0\u00a0\u00a0\u00a0\u00a0\u00a0\u00a0\u00a0\u00a0\u00a0\u00a0\u00a0\u00a0\u00a0\u00a0\u00a0\u00a0\u00a0\u00a0\u00a0\u00a0\u00a0\u00a0\u00a0\u00a0\u00a0\u00a0\u00a0\u00a0\u00a0\u00a0\u00a0\u00a0\u00a0\u00a0\u00a0\u00a0\u00a0\u00a0\u00a0\u00a0\u00a0\u00a0\u00a0\u00a0\u00a0\u00a0\u00a0\u00a0\u00a0\u00a0\u00a0\u00a0\u00a0\u00a0\u00a0\u00a0\u00a0\u00a0\u00a0\u00a0\u00a0\u00a0\u00a0\u00a0\u00a0\u00a0\u00a0\u00a0\u00a0\u00a0\u00a0\u00a0\u00a0\u00a0\u00a0\u00a0\u00a0\u00a0\u00a0\u00a0\u00a0\u00a0\u00a0\u00a0\u00a0\u00a0\u00a0\u00a0\u00a0\u00a0\u00a0<\/strong><\/p>\n<p><strong>Entre aqui para se associar: <a href=\"http:\/\/152.249.239.77:5001\/socioweb\/login.asp\"><span style=\"color: #ff6600;\">Clique aqui para solicitar a carteirinha de artista mirim<\/span><\/a><\/strong><\/p>\n<p style=\"text-align: center;\"><strong>Efetue o pagamento<a href=\"https:\/\/pag.ae\/7Y8tsG2Km\" target=\"_blank\" rel=\"noopener\"> aqui<\/a><\/strong><\/p>\n<p>&nbsp;<\/p>\n<p>&nbsp;<\/p>\n<h2><em><strong>Cuidados com os golpes financeiros!\u00a0<\/strong><\/em><\/h2>\n<p><em><strong><img decoding=\"async\" class=\"wp-image-13064 alignright\" src=\"https:\/\/satedsp.org.br\/novo\/wp-content\/uploads\/2021\/02\/Cuidado-300x169.jpg\" alt=\"\" width=\"371\" height=\"209\" srcset=\"https:\/\/satedsp.org.br\/wp-content\/uploads\/2021\/02\/Cuidado-300x169.jpg 300w, https:\/\/satedsp.org.br\/wp-content\/uploads\/2021\/02\/Cuidado-1024x576.jpg 1024w, https:\/\/satedsp.org.br\/wp-content\/uploads\/2021\/02\/Cuidado-768x432.jpg 768w, https:\/\/satedsp.org.br\/wp-content\/uploads\/2021\/02\/Cuidado-370x208.jpg 370w, https:\/\/satedsp.org.br\/wp-content\/uploads\/2021\/02\/Cuidado-1080x608.jpg 1080w, https:\/\/satedsp.org.br\/wp-content\/uploads\/2021\/02\/Cuidado-865x487.jpg 865w, https:\/\/satedsp.org.br\/wp-content\/uploads\/2021\/02\/Cuidado-642x361.jpg 642w, https:\/\/satedsp.org.br\/wp-content\/uploads\/2021\/02\/Cuidado-270x152.jpg 270w, https:\/\/satedsp.org.br\/wp-content\/uploads\/2021\/02\/Cuidado.jpg 1280w\" sizes=\"(max-width: 600px) 100vw, 371px\" \/><\/strong><\/em> Quanto aos &#8220;golpes&#8221; financeiros que algumas empresas do ramo cometem, infelizmente acontece com frequ\u00eancia e os pais precisam ficar muito atentos. Valores muito altos para &#8220;venda de books&#8221;, cobran\u00e7as de mensalidades ou pagamentos para &#8220;exclusividade&#8221; por parte das ag\u00eancias e promessas de sucesso repentino sem muito fundamento geralmente s\u00e3o atitudes que demandam maior aten\u00e7\u00e3o dos pais.<br \/>\nGeralmente se percebe quando a empresa s\u00f3 cobra para servi\u00e7os e produtos e n\u00e3o h\u00e1 retorno financeiro para a crian\u00e7a, e os pais ficam ludibriados pelas possibilidades prometidas e pelas belas fotos tiradas. Geralmente, os pais sedem as crian\u00e7as para trabalhos de gra\u00e7a, enquanto a empresa est\u00e1 lucrando muito com a obra publicit\u00e1ria ou o evento, pelo simples prazer de ver o filho desfilando ou atuando. Aceitar esse tipo de trabalho sem remunera\u00e7\u00e3o \u00e9 precarizar o setor.<\/p>\n<p>&nbsp;<\/p>\n<h2><strong><em>Aten\u00e7\u00e3o para os Cursos de Prepara\u00e7\u00e3o de Artista Mirim! <\/em><\/strong><\/h2>\n<p>&nbsp;<\/p>\n<p><img loading=\"lazy\" decoding=\"async\" class=\"size-medium wp-image-13066 aligncenter\" src=\"https:\/\/www.satedsp.org.br\/wp-content\/uploads\/2021\/02\/Crianca-no-teatro-1-300x201.jpg\" alt=\"\" width=\"300\" height=\"201\" \/><\/p>\n<p>Cursos de Prepara\u00e7\u00e3o precisam ser muito bem analisados e estudados pelos pais antes de fechar qualquer contrato. O DRT existe tanto para modelo, como para ator, e as exig\u00eancias s\u00e3o diferentes (a exig\u00eancia maior \u00e9 para ATOR). N\u00e3o existem cursos que consigam &#8220;automaticamente o DRT&#8221;, com exce\u00e7\u00e3o de cursos t\u00e9cnicos e superiores reconhecidos pelo MEC.<\/p>\n<p>Os \u00d3rg\u00e3os Estatais quase n\u00e3o fiscalizam estas atividades, s\u00f3 quando provocados por alguma grave den\u00fancia. O Sindicato (SATED-SP) faz um trabalho de verificar condi\u00e7\u00f5es de trabalho, sempre que poss\u00edvel, nestes tipos de testes. No entanto, tentamos sempre que poss\u00edvel lutar contra este tipo de situa\u00e7\u00e3o, o que consideramos de extrema relev\u00e2ncia.<\/p>\n<p>\u00c9 sempre muito importante o profissional, pais ou respons\u00e1veis procurarem o Sindicato para auxiliar nestes tipos de situa\u00e7\u00f5es. O mercado da \u00e1rea \u00e9 muito complexo e h\u00e1 muitas falsas oportunidades e abusos contra os artistas, em especial crian\u00e7as e adolescentes.<\/p>\n<p>&nbsp;<\/p>\n<h2><em><strong>Onde consigo acessar a lei que protege crian\u00e7as e adolescentes?<\/strong> <\/em><\/h2>\n<p><img loading=\"lazy\" decoding=\"async\" class=\"wp-image-13067 aligncenter\" src=\"https:\/\/satedsp.org.br\/novo\/wp-content\/uploads\/2021\/02\/ECA-300x134.jpg\" alt=\"\" width=\"275\" height=\"123\" srcset=\"https:\/\/satedsp.org.br\/wp-content\/uploads\/2021\/02\/ECA-300x134.jpg 300w, https:\/\/satedsp.org.br\/wp-content\/uploads\/2021\/02\/ECA-370x166.jpg 370w, https:\/\/satedsp.org.br\/wp-content\/uploads\/2021\/02\/ECA-642x287.jpg 642w, https:\/\/satedsp.org.br\/wp-content\/uploads\/2021\/02\/ECA.jpg 760w\" sizes=\"(max-width: 275px) 100vw, 275px\" \/><\/p>\n<p>Sancionado em 13 de julho de 1990, e em vigor desde outubro do mesmo ano, o Estatuto da Crian\u00e7a e do Adolescente \u00e9 considerado um marco legal no pa\u00eds. Uma importante refer\u00eancia mundial no que diz respeito a direitos de cidad\u00e3os e cidad\u00e3s com idade inferior aos 18 anos. Popularmente conhecido pela sigla ECA, esse estatuto \u00e9 composto de 267 artigos. Conjunto de normas voltado para a regulamenta\u00e7\u00e3o do princ\u00edpio estabelecido pelo artigo 227 da Constitui\u00e7\u00e3o Federal de 1988, que estabeleceu que crian\u00e7as e adolescentes formam um grupo com direitos espec\u00edficos e que demandam prote\u00e7\u00e3o especial tanto do Estado quanto da sociedade e da fam\u00edlia.<\/p>\n<p>Acesse abaixo o Estatuto:<\/p>\n<p><a href=\"https:\/\/satedsp.org.br\/novo\/wp-content\/uploads\/2021\/02\/estatuto-da-crianca-e-do-adolescente-versao-2019-7.pdf\">estatuto-da-crianca-e-do-adolescente-versao-2019 (7)<\/a><\/p>\n<p>Outras d\u00favidas clique no \u00edcone do whatsapp\u00a0\u00a0<a href=\"https:\/\/api.whatsapp.com\/send?1=pt_BR&amp;phone=551195421-1217\"><img loading=\"lazy\" decoding=\"async\" class=\"alignnone wp-image-11094\" src=\"https:\/\/www.satedsp.org.br\/wp-content\/uploads\/2020\/07\/whatsapp-logo-icone-293x300.png\" sizes=\"(max-width: 45px) 100vw, 45px\" srcset=\"https:\/\/www.satedsp.org.br\/wp-content\/uploads\/2020\/07\/whatsapp-logo-icone-293x300.png 293w, https:\/\/www.satedsp.org.br\/wp-content\/uploads\/2020\/07\/whatsapp-logo-icone-1000x1024.png 1000w, https:\/\/www.satedsp.org.br\/wp-content\/uploads\/2020\/07\/whatsapp-logo-icone-150x150.png 150w, https:\/\/www.satedsp.org.br\/wp-content\/uploads\/2020\/07\/whatsapp-logo-icone-768x786.png 768w, https:\/\/www.satedsp.org.br\/wp-content\/uploads\/2020\/07\/whatsapp-logo-icone-1501x1536.png 1501w, https:\/\/www.satedsp.org.br\/wp-content\/uploads\/2020\/07\/whatsapp-logo-icone.png 1527w\" alt=\"\" width=\"45\" height=\"46\" \/><\/a><\/p>\n<p>E-mail:\u00a0sindicalizacao@satedsp.org.br<\/p>\n<p>Atendimento de segunda a sexta das 9h as 17h<\/p>\n<div id=\"page-wrapper\">\n<footer id=\"colophon\" class=\"site-footer\" role=\"contentinfo\">\n<div id=\"footer-widgets\" class=\"full-container\"><\/div>\n<\/footer>\n<\/div>\n","protected":false},"excerpt":{"rendered":"<p>DRT somente a partir dos 16 anos A profiss\u00e3o de artistas \u00e9 regulamentada pela Lei 6.533\/78, a qual exige a obrigatoriedade de um registro profissional (DRT). Hoje, o \u00f3rg\u00e3o respons\u00e1vel pela emiss\u00e3o do documento \u00e9 o Minist\u00e9rio da Economia, atrav\u00e9s das Superintend\u00eancias Regionais do Trabalho. S\u00f3 \u00e9 poss\u00edvel obter o registro profissional a partir dos&hellip;<\/p>\n","protected":false},"author":1,"featured_media":13066,"parent":17062,"menu_order":0,"comment_status":"closed","ping_status":"closed","template":"","meta":{"cybocfi_hide_featured_image":"","footnotes":""},"class_list":["post-13055","page","type-page","status-publish","has-post-thumbnail","hentry"],"_links":{"self":[{"href":"https:\/\/satedsp.org.br\/index.php\/wp-json\/wp\/v2\/pages\/13055","targetHints":{"allow":["GET"]}}],"collection":[{"href":"https:\/\/satedsp.org.br\/index.php\/wp-json\/wp\/v2\/pages"}],"about":[{"href":"https:\/\/satedsp.org.br\/index.php\/wp-json\/wp\/v2\/types\/page"}],"author":[{"embeddable":true,"href":"https:\/\/satedsp.org.br\/index.php\/wp-json\/wp\/v2\/users\/1"}],"replies":[{"embeddable":true,"href":"https:\/\/satedsp.org.br\/index.php\/wp-json\/wp\/v2\/comments?post=13055"}],"version-history":[{"count":0,"href":"https:\/\/satedsp.org.br\/index.php\/wp-json\/wp\/v2\/pages\/13055\/revisions"}],"up":[{"embeddable":true,"href":"https:\/\/satedsp.org.br\/index.php\/wp-json\/wp\/v2\/pages\/17062"}],"wp:featuredmedia":[{"embeddable":true,"href":"https:\/\/satedsp.org.br\/index.php\/wp-json\/wp\/v2\/media\/13066"}],"wp:attachment":[{"href":"https:\/\/satedsp.org.br\/index.php\/wp-json\/wp\/v2\/media?parent=13055"}],"curies":[{"name":"wp","href":"https:\/\/api.w.org\/{rel}","templated":true}]}}